{"id":20206,"date":"2024-11-07T06:24:55","date_gmt":"2024-11-07T05:24:55","guid":{"rendered":"https:\/\/studiokoncept.se\/?post_type=product&#038;p=20206"},"modified":"2026-01-25T06:32:17","modified_gmt":"2026-01-25T05:32:17","slug":"verum-2-verum-audio","status":"publish","type":"product","link":"https:\/\/studiokoncept.se\/fr\/shop\/horlurar\/verum-2-verum-audio\/","title":{"rendered":"Verum 2, Verum Audio"},"content":{"rendered":"<p><strong>Verum 2<\/strong> est la suite tant attendue du casque magn\u00e9tique planaire original de Verum Audio, offrant une version raffin\u00e9e avec des am\u00e9liorations \u00e0 la fois en termes de confort et de son.<\/p>\n<p><strong>Diff\u00e9rences entre Verum 2 et Verum 1<\/strong>:<\/p>\n<ol>\n<li>La membrane de Verum 2 est 10 fois plus fine (2,5 \u00b5m) que celle de son pr\u00e9d\u00e9cesseur (22 \u00b5m), ce qui se traduit par une r\u00e9ponse plus rapide et un son plus pr\u00e9cis.<\/li>\n<li>Le mod\u00e8le comporte d\u00e9sormais 44 aimants fins en terres rares au lieu de 28, ce qui cr\u00e9e un champ magn\u00e9tique plus puissant et plus uniforme.<\/li>\n<li>Une nouvelle couche conductrice en argent remplace l'aluminium, am\u00e9liorant ainsi la conductivit\u00e9 et la durabilit\u00e9.<\/li>\n<li>Les ports bass-reflex innovants situ\u00e9s dans les oreillettes offrent une r\u00e9ponse riche dans les basses sans ajustement de l'\u00e9galiseur ni compromis sur la vitesse.<\/li>\n<li>La surface active du conducteur a augment\u00e9 de 25 % dans un format plus petit, et 95 % de la surface est d\u00e9sormais couverte par la couche conductrice d'argent, contre 70 % dans le Verum 1.<\/li>\n<li>Le casque est \u00e9galement plus petit et plus l\u00e9ger, ce qui le rend plus confortable \u00e0 porter pendant de longues sessions d'\u00e9coute.<\/li>\n<\/ol>\n<p><strong>Caract\u00e9ristiques sonores<\/strong>Le Verum 2 utilise une technologie de haut-parleur magn\u00e9tique planaire qui permet de reproduire le son avec une clart\u00e9 et une pr\u00e9cision excellentes. Les basses sont \u00e0 la fois profondes et \u00e9quilibr\u00e9es, offrant un bas de gamme puissant sans perdre le contr\u00f4le. Les m\u00e9diums sont chauds et naturels, et les aigus conservent un haut niveau de d\u00e9tail sans devenir agressifs ou dominants. La sc\u00e8ne sonore globale est large et enveloppante, cr\u00e9ant une exp\u00e9rience d'\u00e9coute attrayante pour tout ce qui concerne les pi\u00e8ces orchestrales complexes, le rock dynamique et le jazz acoustique.<\/p>\n<p><strong>Confort et facilit\u00e9 d'utilisation<\/strong>Les Verum 2 sont con\u00e7us pour \u00eatre confortables m\u00eame pendant de longues sessions d'\u00e9coute, avec des coussinets am\u00e9lior\u00e9s et un bandeau r\u00e9glable qui assure un maintien ferme mais confortable. Ils sont \u00e9galement plus l\u00e9gers que leurs pr\u00e9d\u00e9cesseurs, ce qui les rend id\u00e9aux pour les auditeurs intensifs et les audiophiles.<\/p>\n<p><strong>R\u00e9sum\u00e9<\/strong>Le Verum 2 offre une combinaison impressionnante de qualit\u00e9 et de performances haut de gamme, sans pour autant perdre son caract\u00e8re abordable. Le nouveau mod\u00e8le place la barre tr\u00e8s haut pour les casques magn\u00e9tiques planaires abordables et constitue un excellent choix pour les m\u00e9lomanes.<\/p>\n<p>Garantie : 2 ans sur les \u00e9couteurs, 1 an sur les parties en cuir, 6 mois sur les c\u00e2bles.<\/p>\n<p>Les \u00e9couteurs jaunes, noirs et nacr\u00e9s sont attendus pour la mi-juillet.<\/p>","protected":false},"excerpt":{"rendered":"<p>Nu finns alla modellerna i lager.<\/p>\n<p>Le Verum 2 s'appuie sur le rapport qualit\u00e9\/prix sans pr\u00e9c\u00e9dent qui a fait du Verum 1 l'un des favoris des audiophiles (voir la description ci-dessous pour une comparaison). Avec cette nouvelle \u00e9volution, Verum Audio offre une exp\u00e9rience d'\u00e9coute encore plus grande, en am\u00e9liorant \u00e0 la fois le design et la qualit\u00e9 du son. Le casque est plus l\u00e9ger et plus ergonomique, offrant un plus grand confort pour une \u00e9coute prolong\u00e9e. La sc\u00e8ne sonore a \u00e9t\u00e9 affin\u00e9e avec des basses plus profondes et mieux contr\u00f4l\u00e9es, des m\u00e9diums plus naturels et des aigus cristallins qui, ensemble, cr\u00e9ent une sc\u00e8ne sonore plus large et plus immersive. Les mat\u00e9riaux am\u00e9lior\u00e9s renforcent la qualit\u00e9 de fabrication et offrent un rapport qualit\u00e9-prix exceptionnel.<\/p>\n<p>Ce kit comprend les \u00e9l\u00e9ments suivants : casque Verum 2, c\u00e2ble SE, c\u00e2ble XLR, \u00e9tui de transport, coussinets en cuir et coussinets hybrides.<\/p>\n<p>La livraison de Verum 2 est arriv\u00e9e. La nacre et le noir sont maintenant en stock.<\/p>","protected":false},"featured_media":20217,"template":"","meta":[],"product_brand":[],"product_cat":[157],"product_tag":[],"class_list":{"0":"post-20206","1":"product","2":"type-product","3":"status-publish","4":"has-post-thumbnail","6":"product_cat-horlurar","7":"product_shipping_class-standard","9":"first","10":"instock","11":"taxable","12":"shipping-taxable","13":"purchasable","14":"product-type-variable","15":"has-default-attributes"},"bundled_by":[],"bundle_stock_status":"instock","bundle_stock_quantity":null,"bundle_virtual":false,"bundle_layout":"","bundle_add_to_cart_form_location":"","bundle_editable_in_cart":false,"bundle_sold_individually_context":"","bundle_item_grouping":"","bundle_min_size":"","bundle_max_size":"","bundle_price":[],"bundled_items":[],"bundle_sell_ids":[],"_links":{"self":[{"href":"https:\/\/studiokoncept.se\/fr\/wp-json\/wp\/v2\/product\/20206","targetHints":{"allow":["GET"]}}],"collection":[{"href":"https:\/\/studiokoncept.se\/fr\/wp-json\/wp\/v2\/product"}],"about":[{"href":"https:\/\/studiokoncept.se\/fr\/wp-json\/wp\/v2\/types\/product"}],"version-history":[{"count":0,"href":"https:\/\/studiokoncept.se\/fr\/wp-json\/wp\/v2\/product\/20206\/revisions"}],"wp:featuredmedia":[{"embeddable":true,"href":"https:\/\/studiokoncept.se\/fr\/wp-json\/wp\/v2\/media\/20217"}],"wp:attachment":[{"href":"https:\/\/studiokoncept.se\/fr\/wp-json\/wp\/v2\/media?parent=20206"}],"wp:term":[{"taxonomy":"product_brand","embeddable":true,"href":"https:\/\/studiokoncept.se\/fr\/wp-json\/wp\/v2\/product_brand?post=20206"},{"taxonomy":"product_cat","embeddable":true,"href":"https:\/\/studiokoncept.se\/fr\/wp-json\/wp\/v2\/product_cat?post=20206"},{"taxonomy":"product_tag","embeddable":true,"href":"https:\/\/studiokoncept.se\/fr\/wp-json\/wp\/v2\/product_tag?post=20206"}],"curies":[{"name":"wp","href":"https:\/\/api.w.org\/{rel}","templated":true}]}}